{"id":35320,"date":"2025-08-30T14:43:10","date_gmt":"2025-08-30T12:43:10","guid":{"rendered":"https:\/\/manana.coffee\/?post_type=cpt_portfolio&#038;p=35320"},"modified":"2025-12-26T21:27:32","modified_gmt":"2025-12-26T20:27:32","slug":"thomas-waidhofer-x-manana-artwalk18","status":"publish","type":"cpt_portfolio","link":"https:\/\/manana.coffee\/en\/portfolio\/thomas-waidhofer-x-manana-artwalk18\/","title":{"rendered":"13. &#038; 14.09.25 &#8211; Thomas Waidhofer x MANANA \u2013 artwalk18"},"content":{"rendered":"<h3 class=\"wp-block-heading\">Kunst trifft Kaffee beim artwalk18<\/h3>\n\n\n\n<p>Wir freuen uns riesig, euch wieder zu einem besonderen Pop-up bei uns einzuladen! <\/p>\n\n\n\n<p>Im September war das <a href=\"https:\/\/manana.coffee\/en\/cafe\/\">MANANA caf\u1ebd <\/a>Teil des\u00a0artwalk18 und gemeinsam mit dem Wiener K\u00fcnstler und Designer\u00a0Thomas Waidhofer (<a href=\"https:\/\/www.instagram.com\/ydvie\/\" target=\"_blank\" rel=\"noreferrer noopener\">@ydvie<\/a>)\u00a0zeigten wir seine neuesten Arbeiten.<\/p>\n\n\n\n<p>Seine Werke bewegten sich zwischen Objekt, Installation und Design. Sie spielten mit Imperfektion, Material\u00e4sthetik und Alltagsbez\u00fcgen. Jedes St\u00fcck erz\u00e4hlte eine eigene Geschichte, die Besucherinnen und Besucher direkt im Caf\u00e9 erleben konnten.<\/p>\n\n\n\n<p>F\u00fcr das Event verwandelten wir das MANANA caf\u1ebd in einen neuen Raum. Wir r\u00e4umten alle Tische und St\u00fchle aus und bezogen Boden und Bar mit einem sanften Lavendel-Teppich. So entstand ein offener Ort, der die Objekte von Thomas in den Mittelpunkt stellte und zum Verweilen einlud.<\/p>\n\n\n\n<p>Wer das MANANA caf\u1ebd kennt, wei\u00df, dass die markanten Lampen und Lichtinstallationen von yd seit der Er\u00f6ffnung die Atmosph\u00e4re pr\u00e4gen. Deswegen waren auch beim artwalk18 ein wichtiger Teil des Erlebnisses. Durch sie wurde sp\u00fcrbar, wie Design und Kunst mit Kaffee und Gemeinschaft verschmelzen k\u00f6nnen.<\/p>\n\n\n\n<p>Das Event zeigte, was wir uns w\u00fcnschen: ein Ort, an dem sich Kunst, Nachbarschaft und Kaffee begegnen. Auch wenn der artwalk18 vorbei ist, bleibt diese Verbindung \u2013 Tag f\u00fcr Tag im MANANA caf\u1ebd in W\u00e4hring.<\/p>\n\n\n\n<p>Ob beim artwalk18 oder an jedem anderen Tag: Im MANANA caf\u1ebd l\u00e4sst sich nicht nur Specialty Coffee in h\u00f6chster Qualit\u00e4t genie\u00dfen \u2013 sondern auch ein St\u00fcck Wiener Design- und Kunstszene erleben.<\/p>\n\n\n\n<figure class=\"wp-block-gallery has-nested-images columns-2 is-cropped wp-block-gallery-1 is-layout-flex wp-block-gallery-is-layout-flex\">\n<figure class=\"wp-block-image size-full\"><img fetchpriority=\"high\" decoding=\"async\" width=\"1707\" height=\"2560\" data-id=\"35267\" src=\"https:\/\/manana.coffee\/wp-content\/uploads\/2025\/09\/DSC0264-scaled.webp\" alt=\"Mehrere Quetschie-Vasen von Thomas Waidhofer auf einem achteckigen Spiegeltisch, in dessen Reflektion ein St\u00f6ckelschuh zu sehen ist. Foto \u00a9 lorsstudio.\" class=\"wp-image-35267\" srcset=\"https:\/\/manana.coffee\/wp-content\/uploads\/2025\/09\/DSC0264-scaled.webp 1707w, https:\/\/manana.coffee\/wp-content\/uploads\/2025\/09\/DSC0264-200x300.webp 200w, https:\/\/manana.coffee\/wp-content\/uploads\/2025\/09\/DSC0264-683x1024.webp 683w, https:\/\/manana.coffee\/wp-content\/uploads\/2025\/09\/DSC0264-768x1152.webp 768w, https:\/\/manana.coffee\/wp-content\/uploads\/2025\/09\/DSC0264-1024x1536.webp 1024w, https:\/\/manana.coffee\/wp-content\/uploads\/2025\/09\/DSC0264-1365x2048.webp 1365w, https:\/\/manana.coffee\/wp-content\/uploads\/2025\/09\/DSC0264-370x555.webp 370w, https:\/\/manana.coffee\/wp-content\/uploads\/2025\/09\/DSC0264-840x1260.webp 840w, https:\/\/manana.coffee\/wp-content\/uploads\/2025\/09\/DSC0264-410x615.webp 410w, https:\/\/manana.coffee\/wp-content\/uploads\/2025\/09\/DSC0264-600x900.webp 600w\" sizes=\"(max-width: 1707px) 100vw, 1707px\" \/><\/figure>\n\n\n\n<figure class=\"wp-block-image size-full\"><img decoding=\"async\" width=\"1707\" height=\"2560\" data-id=\"35261\" src=\"https:\/\/manana.coffee\/wp-content\/uploads\/2025\/09\/DSC0233-scaled.webp\" alt=\"Zwei Lichtobjekte von K\u00fcnstler Thomas Waidhofer: eine Stehlampe und ein leuchtendes Objekt auf einem achteckigen Spiegel, vor einer Wand im MANANA caf\u1ebd. Foto \u00a9 lorsstudio.\" class=\"wp-image-35261\" srcset=\"https:\/\/manana.coffee\/wp-content\/uploads\/2025\/09\/DSC0233-scaled.webp 1707w, https:\/\/manana.coffee\/wp-content\/uploads\/2025\/09\/DSC0233-200x300.webp 200w, https:\/\/manana.coffee\/wp-content\/uploads\/2025\/09\/DSC0233-683x1024.webp 683w, https:\/\/manana.coffee\/wp-content\/uploads\/2025\/09\/DSC0233-768x1152.webp 768w, https:\/\/manana.coffee\/wp-content\/uploads\/2025\/09\/DSC0233-1024x1536.webp 1024w, https:\/\/manana.coffee\/wp-content\/uploads\/2025\/09\/DSC0233-1365x2048.webp 1365w, https:\/\/manana.coffee\/wp-content\/uploads\/2025\/09\/DSC0233-370x555.webp 370w, https:\/\/manana.coffee\/wp-content\/uploads\/2025\/09\/DSC0233-840x1260.webp 840w, https:\/\/manana.coffee\/wp-content\/uploads\/2025\/09\/DSC0233-410x615.webp 410w, https:\/\/manana.coffee\/wp-content\/uploads\/2025\/09\/DSC0233-600x900.webp 600w\" sizes=\"(max-width: 1707px) 100vw, 1707px\" \/><\/figure>\n\n\n\n<figure class=\"wp-block-image alignfull size-large\"><a href=\"https:\/\/www.thomaswaidhofer.com\/page\/about\/\"><img decoding=\"async\" width=\"1024\" height=\"683\" data-id=\"35322\" src=\"https:\/\/manana.coffee\/wp-content\/uploads\/2025\/09\/\u00a9-Martin-Steiger2-1024x683.webp\" alt=\"Der Wiener K\u00fcnstler Thomas Waidhofer sitzt auf grauem Boden neben mehreren seiner Objekte w\u00e4hrend der Ausstellung im MANANA caf\u1ebd, fotografiert von Martin Steiger.\" class=\"wp-image-35322\" srcset=\"https:\/\/manana.coffee\/wp-content\/uploads\/2025\/09\/\u00a9-Martin-Steiger2-1024x683.webp 1024w, https:\/\/manana.coffee\/wp-content\/uploads\/2025\/09\/\u00a9-Martin-Steiger2-300x200.webp 300w, https:\/\/manana.coffee\/wp-content\/uploads\/2025\/09\/\u00a9-Martin-Steiger2-768x512.webp 768w, https:\/\/manana.coffee\/wp-content\/uploads\/2025\/09\/\u00a9-Martin-Steiger2-1536x1024.webp 1536w, https:\/\/manana.coffee\/wp-content\/uploads\/2025\/09\/\u00a9-Martin-Steiger2-2048x1365.webp 2048w, https:\/\/manana.coffee\/wp-content\/uploads\/2025\/09\/\u00a9-Martin-Steiger2-370x247.webp 370w, https:\/\/manana.coffee\/wp-content\/uploads\/2025\/09\/\u00a9-Martin-Steiger2-840x560.webp 840w, https:\/\/manana.coffee\/wp-content\/uploads\/2025\/09\/\u00a9-Martin-Steiger2-410x273.webp 410w, https:\/\/manana.coffee\/wp-content\/uploads\/2025\/09\/\u00a9-Martin-Steiger2-600x400.webp 600w\" sizes=\"(max-width: 1024px) 100vw, 1024px\" \/><\/a><\/figure>\n<\/figure>\n\n\n\n<p><\/p>","protected":false},"excerpt":{"rendered":"<p>Beim artwalk18 wurde das MANANA caf\u1ebd in W\u00e4hring zur Galerie: Gemeinsam mit dem Wiener K\u00fcnstler Thomas Waidhofer (@ydvie) pr\u00e4sentierten wir ein einzigartiges Pop-up, bei dem Kunst, Design und Kaffee verschmolzen. Zwischen Installation, Objektkunst und Alltags\u00e4sthetik entstand ein Raum voller Kreativit\u00e4t und Community-Spirit \u2013 genau das, was das MANANA caf\u1ebd ausmacht: ein Treffpunkt f\u00fcr Kunstliebhaber:innen, Kaffeefans und Nachbarn.<\/p>","protected":false},"author":2,"featured_media":35322,"comment_status":"closed","ping_status":"closed","template":"","cpt_portfolio_group":[254],"class_list":["post-35320","cpt_portfolio","type-cpt_portfolio","status-publish","has-post-thumbnail","hentry","cpt_portfolio_group-events"],"yoast_head":"<!-- This site is optimized with the Yoast SEO plugin v27.4 - https:\/\/yoast.com\/product\/yoast-seo-wordpress\/ -->\n<title>13. &amp; 14.09.25 - Thomas Waidhofer x MANANA \u2013 artwalk18 - MANANA caf\u00e9<\/title>\n<meta name=\"description\" content=\"Beim artwalk18 trafen im MANANA caf\u1ebd in W\u00e4hring Kunst und Kaffee aufeinander \u2013 mit Arbeiten von Thomas Waidhofer und einer besonderen Caf\u00e9-Atmosph\u00e4re.\" \/>\n<meta name=\"robots\" content=\"noindex, follow\" \/>\n<meta property=\"og:locale\" content=\"en_US\" \/>\n<meta property=\"og:type\" content=\"article\" \/>\n<meta property=\"og:title\" content=\"13. &amp; 14.09.25 - Thomas Waidhofer x MANANA \u2013 artwalk18 - MANANA caf\u00e9\" \/>\n<meta property=\"og:description\" content=\"Beim artwalk18 trafen im MANANA caf\u1ebd in W\u00e4hring Kunst und Kaffee aufeinander \u2013 mit Arbeiten von Thomas Waidhofer und einer besonderen Caf\u00e9-Atmosph\u00e4re.\" \/>\n<meta property=\"og:url\" content=\"https:\/\/manana.coffee\/en\/portfolio\/thomas-waidhofer-x-manana-artwalk18\/\" \/>\n<meta property=\"og:site_name\" content=\"MANANA caf\u00e9\" \/>\n<meta property=\"article:publisher\" content=\"https:\/\/www.facebook.com\/profile.php?id=61566609337786\" \/>\n<meta property=\"article:modified_time\" content=\"2025-12-26T20:27:32+00:00\" \/>\n<meta property=\"og:image\" content=\"https:\/\/manana.coffee\/wp-content\/uploads\/2025\/09\/\u00a9-Martin-Steiger2-scaled.webp\" \/>\n\t<meta property=\"og:image:width\" content=\"2560\" \/>\n\t<meta property=\"og:image:height\" content=\"1707\" \/>\n\t<meta property=\"og:image:type\" content=\"image\/webp\" \/>\n<meta name=\"twitter:card\" content=\"summary_large_image\" \/>\n<meta name=\"twitter:label1\" content=\"Est. reading time\" \/>\n\t<meta name=\"twitter:data1\" content=\"3 minutes\" \/>\n<script type=\"application\/ld+json\" class=\"yoast-schema-graph\">{\"@context\":\"https:\\\/\\\/schema.org\",\"@graph\":[{\"@type\":\"WebPage\",\"@id\":\"https:\\\/\\\/manana.coffee\\\/portfolio\\\/thomas-waidhofer-x-manana-artwalk18\\\/\",\"url\":\"https:\\\/\\\/manana.coffee\\\/portfolio\\\/thomas-waidhofer-x-manana-artwalk18\\\/\",\"name\":\"13. & 14.09.25 - Thomas Waidhofer x MANANA \u2013 artwalk18 - MANANA caf\u00e9\",\"isPartOf\":{\"@id\":\"https:\\\/\\\/manana.coffee\\\/#website\"},\"primaryImageOfPage\":{\"@id\":\"https:\\\/\\\/manana.coffee\\\/portfolio\\\/thomas-waidhofer-x-manana-artwalk18\\\/#primaryimage\"},\"image\":{\"@id\":\"https:\\\/\\\/manana.coffee\\\/portfolio\\\/thomas-waidhofer-x-manana-artwalk18\\\/#primaryimage\"},\"thumbnailUrl\":\"https:\\\/\\\/manana.coffee\\\/wp-content\\\/uploads\\\/2025\\\/09\\\/\u00a9-Martin-Steiger2-scaled.webp\",\"datePublished\":\"2025-08-30T12:43:10+00:00\",\"dateModified\":\"2025-12-26T20:27:32+00:00\",\"description\":\"Beim artwalk18 trafen im MANANA caf\u1ebd in W\u00e4hring Kunst und Kaffee aufeinander \u2013 mit Arbeiten von Thomas Waidhofer und einer besonderen Caf\u00e9-Atmosph\u00e4re.\",\"breadcrumb\":{\"@id\":\"https:\\\/\\\/manana.coffee\\\/portfolio\\\/thomas-waidhofer-x-manana-artwalk18\\\/#breadcrumb\"},\"inLanguage\":\"en-US\",\"potentialAction\":[{\"@type\":\"ReadAction\",\"target\":[\"https:\\\/\\\/manana.coffee\\\/portfolio\\\/thomas-waidhofer-x-manana-artwalk18\\\/\"]}]},{\"@type\":\"ImageObject\",\"inLanguage\":\"en-US\",\"@id\":\"https:\\\/\\\/manana.coffee\\\/portfolio\\\/thomas-waidhofer-x-manana-artwalk18\\\/#primaryimage\",\"url\":\"https:\\\/\\\/manana.coffee\\\/wp-content\\\/uploads\\\/2025\\\/09\\\/\u00a9-Martin-Steiger2-scaled.webp\",\"contentUrl\":\"https:\\\/\\\/manana.coffee\\\/wp-content\\\/uploads\\\/2025\\\/09\\\/\u00a9-Martin-Steiger2-scaled.webp\",\"width\":2560,\"height\":1707,\"caption\":\"\u00a9 Martin Steiger \u2013 Thomas Waidhofer mit seinen Arbeiten beim artwalk18 im MANANA caf\u1ebd W\u00e4hring.\"},{\"@type\":\"BreadcrumbList\",\"@id\":\"https:\\\/\\\/manana.coffee\\\/portfolio\\\/thomas-waidhofer-x-manana-artwalk18\\\/#breadcrumb\",\"itemListElement\":[{\"@type\":\"ListItem\",\"position\":1,\"name\":\"Home\",\"item\":\"https:\\\/\\\/manana.coffee\\\/\"},{\"@type\":\"ListItem\",\"position\":2,\"name\":\"Portfolio\",\"item\":\"https:\\\/\\\/manana.coffee\\\/portfolio\\\/\"},{\"@type\":\"ListItem\",\"position\":3,\"name\":\"13. &#038; 14.09.25 &#8211; Thomas Waidhofer x MANANA \u2013 artwalk18\"}]},{\"@type\":\"WebSite\",\"@id\":\"https:\\\/\\\/manana.coffee\\\/#website\",\"url\":\"https:\\\/\\\/manana.coffee\\\/\",\"name\":\"MANANA\",\"description\":\"Specialty Coffee \u00b7 Caf\u00e9 \u00b7 Beans \u00b7 Community\",\"publisher\":{\"@id\":\"https:\\\/\\\/manana.coffee\\\/#organization\"},\"potentialAction\":[{\"@type\":\"SearchAction\",\"target\":{\"@type\":\"EntryPoint\",\"urlTemplate\":\"https:\\\/\\\/manana.coffee\\\/?s={search_term_string}\"},\"query-input\":{\"@type\":\"PropertyValueSpecification\",\"valueRequired\":true,\"valueName\":\"search_term_string\"}}],\"inLanguage\":\"en-US\"},{\"@type\":\"Organization\",\"@id\":\"https:\\\/\\\/manana.coffee\\\/#organization\",\"name\":\"MANANA\",\"url\":\"https:\\\/\\\/manana.coffee\\\/\",\"logo\":{\"@type\":\"ImageObject\",\"inLanguage\":\"en-US\",\"@id\":\"https:\\\/\\\/manana.coffee\\\/#\\\/schema\\\/logo\\\/image\\\/\",\"url\":\"https:\\\/\\\/manana.coffee\\\/wp-content\\\/uploads\\\/2025\\\/03\\\/manana_logo.png\",\"contentUrl\":\"https:\\\/\\\/manana.coffee\\\/wp-content\\\/uploads\\\/2025\\\/03\\\/manana_logo.png\",\"width\":2000,\"height\":479,\"caption\":\"MANANA\"},\"image\":{\"@id\":\"https:\\\/\\\/manana.coffee\\\/#\\\/schema\\\/logo\\\/image\\\/\"},\"sameAs\":[\"https:\\\/\\\/www.facebook.com\\\/profile.php?id=61566609337786\",\"https:\\\/\\\/www.instagram.com\\\/coffee.manana\\\/\"]}]}<\/script>\n<!-- \/ Yoast SEO plugin. -->","yoast_head_json":{"title":"13. & 14.09.25 - Thomas Waidhofer x MANANA \u2013 artwalk18 - MANANA caf\u00e9","description":"Beim artwalk18 trafen im MANANA caf\u1ebd in W\u00e4hring Kunst und Kaffee aufeinander \u2013 mit Arbeiten von Thomas Waidhofer und einer besonderen Caf\u00e9-Atmosph\u00e4re.","robots":{"index":"noindex","follow":"follow"},"og_locale":"en_US","og_type":"article","og_title":"13. & 14.09.25 - Thomas Waidhofer x MANANA \u2013 artwalk18 - MANANA caf\u00e9","og_description":"Beim artwalk18 trafen im MANANA caf\u1ebd in W\u00e4hring Kunst und Kaffee aufeinander \u2013 mit Arbeiten von Thomas Waidhofer und einer besonderen Caf\u00e9-Atmosph\u00e4re.","og_url":"https:\/\/manana.coffee\/en\/portfolio\/thomas-waidhofer-x-manana-artwalk18\/","og_site_name":"MANANA caf\u00e9","article_publisher":"https:\/\/www.facebook.com\/profile.php?id=61566609337786","article_modified_time":"2025-12-26T20:27:32+00:00","og_image":[{"width":2560,"height":1707,"url":"https:\/\/manana.coffee\/wp-content\/uploads\/2025\/09\/\u00a9-Martin-Steiger2-scaled.webp","type":"image\/webp"}],"twitter_card":"summary_large_image","twitter_misc":{"Est. reading time":"3 minutes"},"schema":{"@context":"https:\/\/schema.org","@graph":[{"@type":"WebPage","@id":"https:\/\/manana.coffee\/portfolio\/thomas-waidhofer-x-manana-artwalk18\/","url":"https:\/\/manana.coffee\/portfolio\/thomas-waidhofer-x-manana-artwalk18\/","name":"13. & 14.09.25 - Thomas Waidhofer x MANANA \u2013 artwalk18 - MANANA caf\u00e9","isPartOf":{"@id":"https:\/\/manana.coffee\/#website"},"primaryImageOfPage":{"@id":"https:\/\/manana.coffee\/portfolio\/thomas-waidhofer-x-manana-artwalk18\/#primaryimage"},"image":{"@id":"https:\/\/manana.coffee\/portfolio\/thomas-waidhofer-x-manana-artwalk18\/#primaryimage"},"thumbnailUrl":"https:\/\/manana.coffee\/wp-content\/uploads\/2025\/09\/\u00a9-Martin-Steiger2-scaled.webp","datePublished":"2025-08-30T12:43:10+00:00","dateModified":"2025-12-26T20:27:32+00:00","description":"Beim artwalk18 trafen im MANANA caf\u1ebd in W\u00e4hring Kunst und Kaffee aufeinander \u2013 mit Arbeiten von Thomas Waidhofer und einer besonderen Caf\u00e9-Atmosph\u00e4re.","breadcrumb":{"@id":"https:\/\/manana.coffee\/portfolio\/thomas-waidhofer-x-manana-artwalk18\/#breadcrumb"},"inLanguage":"en-US","potentialAction":[{"@type":"ReadAction","target":["https:\/\/manana.coffee\/portfolio\/thomas-waidhofer-x-manana-artwalk18\/"]}]},{"@type":"ImageObject","inLanguage":"en-US","@id":"https:\/\/manana.coffee\/portfolio\/thomas-waidhofer-x-manana-artwalk18\/#primaryimage","url":"https:\/\/manana.coffee\/wp-content\/uploads\/2025\/09\/\u00a9-Martin-Steiger2-scaled.webp","contentUrl":"https:\/\/manana.coffee\/wp-content\/uploads\/2025\/09\/\u00a9-Martin-Steiger2-scaled.webp","width":2560,"height":1707,"caption":"\u00a9 Martin Steiger \u2013 Thomas Waidhofer mit seinen Arbeiten beim artwalk18 im MANANA caf\u1ebd W\u00e4hring."},{"@type":"BreadcrumbList","@id":"https:\/\/manana.coffee\/portfolio\/thomas-waidhofer-x-manana-artwalk18\/#breadcrumb","itemListElement":[{"@type":"ListItem","position":1,"name":"Home","item":"https:\/\/manana.coffee\/"},{"@type":"ListItem","position":2,"name":"Portfolio","item":"https:\/\/manana.coffee\/portfolio\/"},{"@type":"ListItem","position":3,"name":"13. &#038; 14.09.25 &#8211; Thomas Waidhofer x MANANA \u2013 artwalk18"}]},{"@type":"WebSite","@id":"https:\/\/manana.coffee\/#website","url":"https:\/\/manana.coffee\/","name":"MANANA","description":"Specialty Coffee \u00b7 Caf\u00e9 \u00b7 Beans \u00b7 Community","publisher":{"@id":"https:\/\/manana.coffee\/#organization"},"potentialAction":[{"@type":"SearchAction","target":{"@type":"EntryPoint","urlTemplate":"https:\/\/manana.coffee\/?s={search_term_string}"},"query-input":{"@type":"PropertyValueSpecification","valueRequired":true,"valueName":"search_term_string"}}],"inLanguage":"en-US"},{"@type":"Organization","@id":"https:\/\/manana.coffee\/#organization","name":"MANANA","url":"https:\/\/manana.coffee\/","logo":{"@type":"ImageObject","inLanguage":"en-US","@id":"https:\/\/manana.coffee\/#\/schema\/logo\/image\/","url":"https:\/\/manana.coffee\/wp-content\/uploads\/2025\/03\/manana_logo.png","contentUrl":"https:\/\/manana.coffee\/wp-content\/uploads\/2025\/03\/manana_logo.png","width":2000,"height":479,"caption":"MANANA"},"image":{"@id":"https:\/\/manana.coffee\/#\/schema\/logo\/image\/"},"sameAs":["https:\/\/www.facebook.com\/profile.php?id=61566609337786","https:\/\/www.instagram.com\/coffee.manana\/"]}]}},"_links":{"self":[{"href":"https:\/\/manana.coffee\/en\/wp-json\/wp\/v2\/cpt_portfolio\/35320","targetHints":{"allow":["GET"]}}],"collection":[{"href":"https:\/\/manana.coffee\/en\/wp-json\/wp\/v2\/cpt_portfolio"}],"about":[{"href":"https:\/\/manana.coffee\/en\/wp-json\/wp\/v2\/types\/cpt_portfolio"}],"author":[{"embeddable":true,"href":"https:\/\/manana.coffee\/en\/wp-json\/wp\/v2\/users\/2"}],"replies":[{"embeddable":true,"href":"https:\/\/manana.coffee\/en\/wp-json\/wp\/v2\/comments?post=35320"}],"wp:featuredmedia":[{"embeddable":true,"href":"https:\/\/manana.coffee\/en\/wp-json\/wp\/v2\/media\/35322"}],"wp:attachment":[{"href":"https:\/\/manana.coffee\/en\/wp-json\/wp\/v2\/media?parent=35320"}],"wp:term":[{"taxonomy":"cpt_portfolio_group","embeddable":true,"href":"https:\/\/manana.coffee\/en\/wp-json\/wp\/v2\/cpt_portfolio_group?post=35320"}],"curies":[{"name":"wp","href":"https:\/\/api.w.org\/{rel}","templated":true}]}}